{"id":18,"date":"2023-02-22T12:25:47","date_gmt":"2023-02-22T12:25:47","guid":{"rendered":"http:\/\/thebeatfreaks.pl\/?page_id=18"},"modified":"2025-09-24T19:19:02","modified_gmt":"2025-09-24T19:19:02","slug":"o-nas","status":"publish","type":"page","link":"https:\/\/thebeatfreaks.pl\/index.php\/o-nas\/","title":{"rendered":"O nas"},"content":{"rendered":"\t\t<div data-elementor-type=\"wp-page\" data-elementor-id=\"18\" class=\"elementor elementor-18\">\n\t\t\t\t\t\t<section class=\"elementor-section elementor-top-section elementor-element elementor-element-d4226e4 elementor-section-stretched elementor-section-boxed elementor-section-height-default elementor-section-height-default\" data-id=\"d4226e4\" data-element_type=\"section\" data-e-type=\"section\" data-settings=\"{&quot;stretch_section&quot;:&quot;section-stretched&quot;,&quot;background_background&quot;:&quot;classic&quot;}\">\n\t\t\t\t\t\t<div class=\"elementor-container elementor-column-gap-default\">\n\t\t\t\t\t<div class=\"elementor-column elementor-col-66 elementor-top-column elementor-element elementor-element-9916821\" data-id=\"9916821\" data-element_type=\"column\" data-e-type=\"column\">\n\t\t\t<div class=\"elementor-widget-wrap elementor-element-populated\">\n\t\t\t\t\t\t<div class=\"elementor-element elementor-element-6522e51 elementor-widget__width-initial elementor-widget elementor-widget-text-editor\" data-id=\"6522e51\" data-element_type=\"widget\" data-e-type=\"widget\" data-widget_type=\"text-editor.default\">\n\t\t\t\t<div class=\"elementor-widget-container\">\n\t\t\t\t\t\t\t\t\t<p><b>The BEAT FREAKS<\/b>\u00a0\u2013 to grupa muzyczna sygnowana nazwiskami znakomitych muzyk\u00f3w jazzowych ze szczeci\u0144sko-du\u0144skim rodowodem. Skandynawskiego charakteru muzyce nadaje bowiem fakt, i\u017c po\u0142owa zespo\u0142u, sw\u00f3j muzyczny j\u0119zyk rozwija\u0142a kszta\u0142c\u0105c si\u0119 w presti\u017cowej akademii w Odense. Nie pozosta\u0142o to bez wp\u0142ywu na brzmienie zespo\u0142u oraz odwa\u017cne podej\u015bcie do formy.<\/p><p>Zesp\u00f3\u0142 za\u0142o\u017cy\u0142 w 2014 roku Micha\u0142 Starkiewicz (gitara), kt\u00f3ry do wsp\u00f3\u0142pracy zaprosi\u0142 Tomka Licaka (saksofon tenorowy) i Paw\u0142a Grzesiuka (bas) oraz mieszkaj\u0105cego na sta\u0142e w Kopenhadze \u2013 Radka Wo\u015bko (perkusja). Po kilku sesjach powsta\u0142 materia\u0142, kt\u00f3ry zosta\u0142 z zaprezentowany w Szczecinie w roku 2015 oraz w Christiania Jazz Club w Kopenhadze w lutym 2016 roku. Autorem wi\u0119kszo\u015bci kompozycji jest lider zespo\u0142u \u2013 Micha\u0142 Starkiewicz. Oba koncerty zosta\u0142y bardzo ciep\u0142o przyj\u0119te przez publiczno\u015b\u0107, co zaowocowa\u0142o tras\u0105 koncertow\u0105 w Polsce oraz wej\u015bciem do studia. W marcu 2016 roku w Studio Soyuz w \u0141odzi zesp\u00f3\u0142 nagra\u0142 sw\u00f3j debiutancki album, kt\u00f3ry mia\u0142 swoj\u0105 premier\u0119 w pa\u017adzierniku tego\u017c roku. Debiutancka p\u0142yta \u201eLeon\u201d ukaza\u0142a si\u0119 na rynku nak\u0142adem wydawnictwa Gateway Music z Danii. Album zosta\u0142 bardzo ciep\u0142o przyj\u0119ty zar\u00f3wno przez krytyk\u00f3w muzycznych jak i przez muzyk\u00f3w.<\/p><p>W roku 2018 zesp\u00f3\u0142 nagra\u0142 muzyk\u0119 do filmu found-footage &#8222;Zamoyski &#8211; Rze\u017abiarz z kamer\u0105&#8221; w re\u017cyserii Marcina Gi\u017cyckiego. Prapremierowy pokaz filmu odby\u0142 si\u0119 na Krakowskim Festiwalu Filmowym. Muzyka do filmu ukaza\u0142a si\u0119 na p\u0142ycie &#8222;Zamoyski&#8221; dost\u0119pnej w serwisach streamingowych.<\/p><p>Kolejna p\u0142yta ukaza\u0142a si\u0119 w 2019 roku i nosi\u0142a tytu\u0142 &#8222;Stay Calm&#8221;. To 13 autorskich utwor\u00f3w, nagranych w Studio Monochrom. P\u0142yta zyska\u0142a uznanie wsr\u00f3d krytyk\u00f3w w Polsce i za granic\u0105. Zesp\u00f3\u0142 znalaz\u0142 si\u0119 w TOP 10 najlepszych zespo\u0142\u00f3w jazzu elektrycznego w roku 2019 wg magazynu &#8222;Jazz Forum&#8221;.\u00a0<\/p><p>W 2022 roku do zespo\u0142u na sta\u0142e do\u0142\u0105czy\u0142 graj\u0105cy na kontrabasie Flavio Gullotta. W 2023 zesp\u00f3\u0142 nagra\u0142 kolejn\u0105 p\u0142yt\u0119 &#8222;The Mechanics of Nature&#8221;, kt\u00f3ra ukaza\u0142a si\u0119 w 2024 roku. Go\u015bcinnie na p\u0142ycie wyst\u0105pi\u0142 ameryka\u0144ski tr\u0119bacz Ralph Alessi. W grudniu 2024 muzycy zagrali koncert promuj\u0105cy p\u0142yt\u0119 w Filharmonii im. Mieczys\u0142awa Kar\u0142owicza w Szczecinie.<br \/><br \/>Tak o p\u0142ycie pisze m.in. Adam Baruch: &#8222;\u201eTo niezwykle zaskakuj\u0105cy album zespo\u0142u Beat Freaks, kt\u00f3ry katapultuje ich bezpo\u015brednio do \u2018powa\u017cnej ligi\u2019 polskiej sceny jazzowej, z jednym z najlepszych nagra\u0144 wydanych w 2024 roku.\u201d<br \/><br \/>Zesp\u00f3\u0142 koncertuje zar\u00f3wno jako kwartet jak r\u00f3wnie\u017c jako kwintet z udzia\u0142em Ralpha Alessi lub mieszkaj\u0105cego w Berlinie tr\u0119bacza Dimy Bondareva. W\u0142a\u015bnie z Dim\u0105 zagrali m.in. podczas Jazztrz\u0119bie Festiwal w lipcu 2025.<\/p><p>Muzycy uciekaj\u0105 od utartych schemat\u00f3w jazzowych form proponuj\u0105c muzyk\u0119, kt\u00f3ra jest swoist\u0105 opowie\u015bci\u0105. W ich muzyce znajdziemy inspiracje i zapo\u017cyczenia zar\u00f3wno z muzyki s\u0142owia\u0144skiej, ludowej, etnicznej czy wr\u0119cz rockowej. Jednocze\u015bnie muzyka zespo\u0142u pozostaje \u015bwie\u017ca nawi\u0105zuj\u0105c do brzmienia wsp\u00f3\u0142czesnego jazzu. Znakiem szczeg\u00f3lnym zespo\u0142u jest niecodzienne i otwarte podej\u015bcie do formy utworu i aran\u017cacji.<\/p><p>Opr\u00f3cz dzia\u0142alno\u015bci koncertowej muzycy czynnie udzielaj\u0105c si\u0119 tworz\u0105c szczeci\u0144sk\u0105 scen\u0105 jazzow\u0105 poprzez szereg inicjatyw, kt\u00f3rych s\u0105 pomys\u0142odawcami i realizatorami.<\/p>\t\t\t\t\t\t\t\t<\/div>\n\t\t\t\t<\/div>\n\t\t\t\t\t<\/div>\n\t\t<\/div>\n\t\t\t\t<div class=\"elementor-column elementor-col-33 elementor-top-column elementor-element elementor-element-5fdf613\" data-id=\"5fdf613\" data-element_type=\"column\" data-e-type=\"column\" data-settings=\"{&quot;background_background&quot;:&quot;classic&quot;}\">\n\t\t\t<div class=\"elementor-widget-wrap elementor-element-populated\">\n\t\t\t\t\t\t<div class=\"elementor-element elementor-element-833be25 elementor-widget__width-initial elementor-widget elementor-widget-image\" data-id=\"833be25\" data-element_type=\"widget\" data-e-type=\"widget\" data-widget_type=\"image.default\">\n\t\t\t\t<div class=\"elementor-widget-container\">\n\t\t\t\t\t\t\t\t\t\t\t\t\t\t\t<img fetchpriority=\"high\" decoding=\"async\" width=\"683\" height=\"1024\" src=\"https:\/\/thebeatfreaks.pl\/wp-content\/uploads\/2023\/12\/2023_06_15_The_Beat_Freaks_fot_Slawek_Przerwa-1575-683x1024.jpg\" class=\"attachment-large size-large wp-image-14540\" alt=\"\" srcset=\"https:\/\/thebeatfreaks.pl\/wp-content\/uploads\/2023\/12\/2023_06_15_The_Beat_Freaks_fot_Slawek_Przerwa-1575-683x1024.jpg 683w, https:\/\/thebeatfreaks.pl\/wp-content\/uploads\/2023\/12\/2023_06_15_The_Beat_Freaks_fot_Slawek_Przerwa-1575-200x300.jpg 200w, https:\/\/thebeatfreaks.pl\/wp-content\/uploads\/2023\/12\/2023_06_15_The_Beat_Freaks_fot_Slawek_Przerwa-1575-768x1152.jpg 768w, https:\/\/thebeatfreaks.pl\/wp-content\/uploads\/2023\/12\/2023_06_15_The_Beat_Freaks_fot_Slawek_Przerwa-1575-1024x1536.jpg 1024w, https:\/\/thebeatfreaks.pl\/wp-content\/uploads\/2023\/12\/2023_06_15_The_Beat_Freaks_fot_Slawek_Przerwa-1575.jpg 1067w\" sizes=\"100vw\" \/>\t\t\t\t\t\t\t\t\t\t\t\t\t\t\t<\/div>\n\t\t\t\t<\/div>\n\t\t\t\t\t<\/div>\n\t\t<\/div>\n\t\t\t\t\t<\/div>\n\t\t<\/section>\n\t\t\t\t<section class=\"elementor-section elementor-top-section elementor-element elementor-element-8491dae elementor-section-stretched elementor-section-boxed elementor-section-height-default elementor-section-height-default\" data-id=\"8491dae\" data-element_type=\"section\" data-e-type=\"section\" data-settings=\"{&quot;stretch_section&quot;:&quot;section-stretched&quot;,&quot;background_background&quot;:&quot;classic&quot;}\">\n\t\t\t\t\t\t<div class=\"elementor-container elementor-column-gap-default\">\n\t\t\t\t\t<div class=\"elementor-column elementor-col-100 elementor-top-column elementor-element elementor-element-d97789b\" data-id=\"d97789b\" data-element_type=\"column\" data-e-type=\"column\">\n\t\t\t<div class=\"elementor-widget-wrap elementor-element-populated\">\n\t\t\t\t\t\t<div class=\"elementor-element elementor-element-f72518b elementor-widget elementor-widget-heading\" data-id=\"f72518b\" data-element_type=\"widget\" data-e-type=\"widget\" data-widget_type=\"heading.default\">\n\t\t\t\t<div class=\"elementor-widget-container\">\n\t\t\t\t\t<h2 class=\"elementor-heading-title elementor-size-default\">NAPISALI O NAS<\/h2>\t\t\t\t<\/div>\n\t\t\t\t<\/div>\n\t\t\t\t<div class=\"elementor-element elementor-element-2899323 elementor-widget-divider--view-line elementor-widget elementor-widget-divider\" data-id=\"2899323\" data-element_type=\"widget\" data-e-type=\"widget\" data-widget_type=\"divider.default\">\n\t\t\t\t<div class=\"elementor-widget-container\">\n\t\t\t\t\t\t\t<div class=\"elementor-divider\">\n\t\t\t<span class=\"elementor-divider-separator\">\n\t\t\t\t\t\t<\/span>\n\t\t<\/div>\n\t\t\t\t\t\t<\/div>\n\t\t\t\t<\/div>\n\t\t\t\t<div class=\"elementor-element elementor-element-19a7443 elementor-grid-2 elementor-grid-tablet-2 elementor-grid-mobile-1 elementor-widget elementor-widget-wpzoom-elementor-addons-posts-grid\" data-id=\"19a7443\" data-element_type=\"widget\" data-e-type=\"widget\" data-settings=\"{&quot;columns&quot;:&quot;2&quot;,&quot;columns_tablet&quot;:&quot;2&quot;,&quot;columns_mobile&quot;:&quot;1&quot;}\" data-widget_type=\"wpzoom-elementor-addons-posts-grid.default\">\n\t\t\t\t<div class=\"elementor-widget-container\">\n\t\t\t\t\t\t\t<div \n\t\t\tclass=\"wpz-grid\" \n\t\t\tdata-uid=\"19a7443\"\n\t\t\tdata-offset=\"8\"\n\t\t\tdata-posts-grid='{\"posts_per_page\":8,\"post_status\":\"publish\",\"paged\":1,\"post__not_in\":[],\"ignore_sticky_posts\":true,\"category_name\":\"recenzja\",\"orderby\":\"post_date\",\"order\":\"desc\",\"offset\":8,\"show_image\":\"\",\"post_thumbnail_size\":null,\"show_title\":\"yes\",\"title_tag\":\"h4\",\"meta_data\":[],\"show_excerpt\":\"yes\",\"excerpt_length\":22,\"show_read_more\":\"yes\",\"read_more_text\":\"Wi\\u0119cej \\u00bb\",\"grid_style\":\"5\",\"total\":20}'>\n\t\t\t\t\t\t<div class=\"wpz-grid-container elementor-grid wpz-grid-desktop-2  wpz-grid-tablet-2  wpz-grid-mobile-1  grid-meta-bottom\">\n\t\t\t\t\n        <article id=\"post-14716\" class=\"wpz-post post-14716 post type-post status-publish format-standard hentry category-recenzja\">\n         \n            <div class=\"post-grid-inner\">\n            \t\n            \t\n                <div class=\"post-grid-text-wrap\">\n               \t\t\t\t<h4 class=\"title\">\n\t\t\t<a href=\"https:\/\/thebeatfreaks.pl\/index.php\/2025\/02\/28\/jazzarium\/\" title=\"Jazzarium\">Jazzarium<\/a>\n\t\t<\/h4>\n\t\t\t                <div class=\"post-grid-excerpt\"><p>\u201eMechanics of Nature\u201d to trzecia p\u0142yta prowadzonej przez gitarzyst\u0119 Micha\u0142a Starkiewicza grupy The Beat Freaks. Nagrana zosta\u0142a z go\u015bcinnym udzia\u0142em tr\u0119bacza Ralpha&hellip;<\/p>\n<\/div>\t                <a class=\"read-more-btn\" href=\"https:\/\/thebeatfreaks.pl\/index.php\/2025\/02\/28\/jazzarium\/\">Wi\u0119cej \u00bb<\/a>                <\/div>\n\n                \n            <\/div><!-- .blog-inner -->\n           \n        <\/article>\n\n        \n        <article id=\"post-14711\" class=\"wpz-post post-14711 post type-post status-publish format-standard hentry category-recenzja\">\n         \n            <div class=\"post-grid-inner\">\n            \t\n            \t\n                <div class=\"post-grid-text-wrap\">\n               \t\t\t\t<h4 class=\"title\">\n\t\t\t<a href=\"https:\/\/thebeatfreaks.pl\/index.php\/2025\/02\/28\/jazzword\/\" title=\"JazzWord\">JazzWord<\/a>\n\t\t<\/h4>\n\t\t\t                <div class=\"post-grid-excerpt\"><p>Virtuosic and inventive New York trumpeter Ralph Alessi has worked with everyone from Uri Caine to Michael Formanek as well his own&hellip;<\/p>\n<\/div>\t                <a class=\"read-more-btn\" href=\"https:\/\/thebeatfreaks.pl\/index.php\/2025\/02\/28\/jazzword\/\">Wi\u0119cej \u00bb<\/a>                <\/div>\n\n                \n            <\/div><!-- .blog-inner -->\n           \n        <\/article>\n\n        \n        <article id=\"post-14709\" class=\"wpz-post post-14709 post type-post status-publish format-standard hentry category-recenzja\">\n         \n            <div class=\"post-grid-inner\">\n            \t\n            \t\n                <div class=\"post-grid-text-wrap\">\n               \t\t\t\t<h4 class=\"title\">\n\t\t\t<a href=\"https:\/\/thebeatfreaks.pl\/index.php\/2025\/02\/28\/adam-baruch\/\" title=\"Adam Baruch\">Adam Baruch<\/a>\n\t\t<\/h4>\n\t\t\t                <div class=\"post-grid-excerpt\"><p>This is the third album by the Polish Jazz quartet Beat Freaks, which comprises of guitarist \/ composer Michal Starkiewicz, saxophonist Tomasz&hellip;<\/p>\n<\/div>\t                <a class=\"read-more-btn\" href=\"https:\/\/thebeatfreaks.pl\/index.php\/2025\/02\/28\/adam-baruch\/\">Wi\u0119cej \u00bb<\/a>                <\/div>\n\n                \n            <\/div><!-- .blog-inner -->\n           \n        <\/article>\n\n        \n        <article id=\"post-14663\" class=\"wpz-post post-14663 post type-post status-publish format-standard hentry category-recenzja\">\n         \n            <div class=\"post-grid-inner\">\n            \t\n            \t\n                <div class=\"post-grid-text-wrap\">\n               \t\t\t\t<h4 class=\"title\">\n\t\t\t<a href=\"https:\/\/thebeatfreaks.pl\/index.php\/2025\/02\/28\/le-soir\/\" title=\"Le Soir\">Le Soir<\/a>\n\t\t<\/h4>\n\t\t\t                <div class=\"post-grid-excerpt\"><p>Beat Freaks to zesp\u00f3\u0142 za\u0142o\u017cony w Szczecinie, w Polsce. W 2014 roku gitarzysta Michael Starkiewicz zaprosi\u0142 do wsp\u00f3\u0142pracy Tomasza Licaka (saksofon tenorowy),&hellip;<\/p>\n<\/div>\t                <a class=\"read-more-btn\" href=\"https:\/\/thebeatfreaks.pl\/index.php\/2025\/02\/28\/le-soir\/\">Wi\u0119cej \u00bb<\/a>                <\/div>\n\n                \n            <\/div><!-- .blog-inner -->\n           \n        <\/article>\n\n        \n        <article id=\"post-14661\" class=\"wpz-post post-14661 post type-post status-publish format-standard hentry category-recenzja\">\n         \n            <div class=\"post-grid-inner\">\n            \t\n            \t\n                <div class=\"post-grid-text-wrap\">\n               \t\t\t\t<h4 class=\"title\">\n\t\t\t<a href=\"https:\/\/thebeatfreaks.pl\/index.php\/2025\/02\/28\/jazz-fun-de\/\" title=\"Jazz-Fun.de\">Jazz-Fun.de<\/a>\n\t\t<\/h4>\n\t\t\t                <div class=\"post-grid-excerpt\"><p>W jazzie nie ma nic lepszego ni\u017c zbiorowa improwizacja grana przez do\u015bwiadczonych muzyk\u00f3w, kt\u00f3rzy doskonale si\u0119 rozumiej\u0105. Tak w\u0142a\u015bnie jest w przypadku&hellip;<\/p>\n<\/div>\t                <a class=\"read-more-btn\" href=\"https:\/\/thebeatfreaks.pl\/index.php\/2025\/02\/28\/jazz-fun-de\/\">Wi\u0119cej \u00bb<\/a>                <\/div>\n\n                \n            <\/div><!-- .blog-inner -->\n           \n        <\/article>\n\n        \n        <article id=\"post-14659\" class=\"wpz-post post-14659 post type-post status-publish format-standard hentry category-recenzja\">\n         \n            <div class=\"post-grid-inner\">\n            \t\n            \t\n                <div class=\"post-grid-text-wrap\">\n               \t\t\t\t<h4 class=\"title\">\n\t\t\t<a href=\"https:\/\/thebeatfreaks.pl\/index.php\/2025\/02\/28\/polska-plyta-polska-muzyka\/\" title=\"Polska P\u0142yta Polska Muzyka\">Polska P\u0142yta Polska Muzyka<\/a>\n\t\t<\/h4>\n\t\t\t                <div class=\"post-grid-excerpt\"><p>\u201eMechanics of Nature\u201d to trzeci studyjny album The Beat Freaks z udzia\u0142em ameryka\u0144skiego tr\u0119bacza Ralpha Alessi. Poni\u017cej mo\u017cna znale\u017a\u0107 nasz\u0105 recenzj\u0119 tego&hellip;<\/p>\n<\/div>\t                <a class=\"read-more-btn\" href=\"https:\/\/thebeatfreaks.pl\/index.php\/2025\/02\/28\/polska-plyta-polska-muzyka\/\">Wi\u0119cej \u00bb<\/a>                <\/div>\n\n                \n            <\/div><!-- .blog-inner -->\n           \n        <\/article>\n\n        \n        <article id=\"post-14656\" class=\"wpz-post post-14656 post type-post status-publish format-standard hentry category-recenzja\">\n         \n            <div class=\"post-grid-inner\">\n            \t\n            \t\n                <div class=\"post-grid-text-wrap\">\n               \t\t\t\t<h4 class=\"title\">\n\t\t\t<a href=\"https:\/\/thebeatfreaks.pl\/index.php\/2025\/02\/28\/donos-kulturalny\/\" title=\"Donos Kulturalny\">Donos Kulturalny<\/a>\n\t\t<\/h4>\n\t\t\t                <div class=\"post-grid-excerpt\"><p>D\u0142u\u017cej ni\u017c zwykle zesp\u00f3\u0142 The Beat Freaks kaza\u0142 nam czeka\u0107 na sw\u00f3j nowy album. Na najnowszej p\u0142ycie specjalnym go\u015bciem kwartetu jest znakomity&hellip;<\/p>\n<\/div>\t                <a class=\"read-more-btn\" href=\"https:\/\/thebeatfreaks.pl\/index.php\/2025\/02\/28\/donos-kulturalny\/\">Wi\u0119cej \u00bb<\/a>                <\/div>\n\n                \n            <\/div><!-- .blog-inner -->\n           \n        <\/article>\n\n        \n        <article id=\"post-14655\" class=\"wpz-post post-14655 post type-post status-publish format-standard hentry category-recenzja\">\n         \n            <div class=\"post-grid-inner\">\n            \t\n            \t\n                <div class=\"post-grid-text-wrap\">\n               \t\t\t\t<h4 class=\"title\">\n\t\t\t<a href=\"https:\/\/thebeatfreaks.pl\/index.php\/2025\/02\/28\/salt-peanuts\/\" title=\"Salt Peanuts\">Salt Peanuts<\/a>\n\t\t<\/h4>\n\t\t\t                <div class=\"post-grid-excerpt\"><p>Beat Freaks zosta\u0142o za\u0142o\u017cone w 2014 roku przez gitarzyst\u0119 Michaela Starkiewicza, kt\u00f3ry zaprosi\u0142 Tomasza Licaka (saksofon tenorowy), Flavio Gullott\u0119 (bas) oraz Radka&hellip;<\/p>\n<\/div>\t                <a class=\"read-more-btn\" href=\"https:\/\/thebeatfreaks.pl\/index.php\/2025\/02\/28\/salt-peanuts\/\">Wi\u0119cej \u00bb<\/a>                <\/div>\n\n                \n            <\/div><!-- .blog-inner -->\n           \n        <\/article>\n\n        \t\t\t<\/div>\n\n\t\t\t<div class=\"wpzoom-posts-grid-pagination\"><nav class=\"navigation paging-navigation pagination\" role=\"navigation\"><span aria-current=\"page\" class=\"page-numbers current\">1<\/span>\n<a class=\"page-numbers\" href=\"https:\/\/thebeatfreaks.pl\/index.php\/wp-json\/wp\/v2\/pages\/18\/page\/2\/\">2<\/a>\n<a class=\"page-numbers\" href=\"https:\/\/thebeatfreaks.pl\/index.php\/wp-json\/wp\/v2\/pages\/18\/page\/3\/\">3<\/a>\n<a class=\"next page-numbers\" href=\"https:\/\/thebeatfreaks.pl\/index.php\/wp-json\/wp\/v2\/pages\/18\/page\/2\/\"><span aria-hidden=\"true\"><i class=\"fa fa-angle-right\"><\/i><\/span><\/a><\/nav><\/div>\t\t\t\t\t\n\t\t<\/div><!-- \/\/.wpz-grid -->\n\t\t\t\t\t\t<\/div>\n\t\t\t\t<\/div>\n\t\t\t\t<div class=\"elementor-element elementor-element-58066c6 elementor-widget-divider--view-line elementor-widget elementor-widget-divider\" data-id=\"58066c6\" data-element_type=\"widget\" data-e-type=\"widget\" data-widget_type=\"divider.default\">\n\t\t\t\t<div class=\"elementor-widget-container\">\n\t\t\t\t\t\t\t<div class=\"elementor-divider\">\n\t\t\t<span class=\"elementor-divider-separator\">\n\t\t\t\t\t\t<\/span>\n\t\t<\/div>\n\t\t\t\t\t\t<\/div>\n\t\t\t\t<\/div>\n\t\t\t\t\t<\/div>\n\t\t<\/div>\n\t\t\t\t\t<\/div>\n\t\t<\/section>\n\t\t\t\t<section class=\"elementor-section elementor-top-section elementor-element elementor-element-067ef9f elementor-section-boxed elementor-section-height-default elementor-section-height-default\" data-id=\"067ef9f\" data-element_type=\"section\" data-e-type=\"section\">\n\t\t\t\t\t\t<div class=\"elementor-container elementor-column-gap-default\">\n\t\t\t\t\t<div class=\"elementor-column elementor-col-100 elementor-top-column elementor-element elementor-element-97d3584\" data-id=\"97d3584\" data-element_type=\"column\" data-e-type=\"column\">\n\t\t\t<div class=\"elementor-widget-wrap elementor-element-populated\">\n\t\t\t\t\t\t<div class=\"elementor-element elementor-element-267f216 elementor-widget elementor-widget-obfx-posts-grid\" data-id=\"267f216\" data-element_type=\"widget\" data-e-type=\"widget\" data-widget_type=\"obfx-posts-grid.default\">\n\t\t\t\t<div class=\"elementor-widget-container\">\n\t\t\t\t\t<div class=\"obfx-grid\"><div class=\"obfx-grid-container obfx-grid-desktop-3\"><div class=\"obfx-grid-wrapper\"><article class=\"obfx-grid-col\"><div class=\"obfx-grid-col-image\" style=\"\"><a href=\"https:\/\/thebeatfreaks.pl\/index.php\/2025\/09\/24\/koncert-on-line\/\" title=\"Koncert on-line\"><img decoding=\"async\" width=\"2560\" height=\"1707\" src=\"https:\/\/thebeatfreaks.pl\/wp-content\/uploads\/2025\/02\/DSC01219-Poprawione-NR-scaled.jpg\" class=\"img-responsive wp-post-image\" alt=\"DSC01219-Poprawione-NR\" srcset=\"https:\/\/thebeatfreaks.pl\/wp-content\/uploads\/2025\/02\/DSC01219-Poprawione-NR-scaled.jpg 2560w, https:\/\/thebeatfreaks.pl\/wp-content\/uploads\/2025\/02\/DSC01219-Poprawione-NR-300x200.jpg 300w, https:\/\/thebeatfreaks.pl\/wp-content\/uploads\/2025\/02\/DSC01219-Poprawione-NR-1024x683.jpg 1024w, https:\/\/thebeatfreaks.pl\/wp-content\/uploads\/2025\/02\/DSC01219-Poprawione-NR-2000x1333.jpg 2000w\" sizes=\"100vw\" \/><\/a><\/div><div class=\"obfx-grid-col-content\">\t\t\t<h2 class=\"entry-title obfx-grid-title\">\n\t\t\t\t\t\t\t<a href=\"https:\/\/thebeatfreaks.pl\/index.php\/2025\/09\/24\/koncert-on-line\/\" title=\"Koncert on-line\">\n\t\t\t\t\tKoncert on-line\t\t\t\t<\/a>\n\t\t\t\t\t\t\t<\/h2>\n\t\t\t\t\t\t\t<div class=\"entry-meta obfx-grid-meta\">\n\n\t\t\t\t\t\t\t\t\t\t\t\t\t<span class=\"obfx-grid-author\">\n\t\t\t\t\t\t\t\t\t<i class=\"fas fa-user\"><\/i>admin\t\t\t\t\t\t\t\t<\/span>\n\t\t\t\t\t\t\t\t\t\t\t\t\t\t\t\t<span class=\"obfx-grid-date\">\n\t\t\t\t\t\t\t\t\t<i class=\"fas fa-calendar\"><\/i>09\/24\/2025\t\t\t\t\t\t\t\t<\/span>\n\t\t\t\t\t\t\t\t\n\t\t\t\t<\/div>\n\t\t\t\t\t\t\t<div class=\"entry-content obfx-grid-content\">\n\t\t\t\tNa naszym kanale Youtube, mo\u017cna obejrze\u0107 ca\u0142y koncert promuj\u0105cy p\u0142yt\u0119 &#8222;Mechanics Of Nature&#8221;, kt\u00f3ry zagrali\u015bmy w Filharmonii im. Mieczys\u0142awa Kar\u0142owicza w Szczecinie, z go\u015bcinnym udzia\u0142em Ralpha Alessi.\t\t\t<\/div>\n\t\t\t<\/div><\/article><\/div><div class=\"obfx-grid-wrapper\"><article class=\"obfx-grid-col\"><div class=\"obfx-grid-col-image\" style=\"\"><a href=\"https:\/\/thebeatfreaks.pl\/index.php\/2025\/09\/24\/tbf-w-ciagotach\/\" title=\"TBF w &#8222;Ci\u0105gotach&#8230;&#8221;\"><img decoding=\"async\" width=\"2560\" height=\"2560\" src=\"https:\/\/thebeatfreaks.pl\/wp-content\/uploads\/2025\/09\/F0T1151-scaled.jpg\" class=\"img-responsive wp-post-image\" alt=\"_F0T1151\" srcset=\"https:\/\/thebeatfreaks.pl\/wp-content\/uploads\/2025\/09\/F0T1151-scaled.jpg 2560w, https:\/\/thebeatfreaks.pl\/wp-content\/uploads\/2025\/09\/F0T1151-300x300.jpg 300w, https:\/\/thebeatfreaks.pl\/wp-content\/uploads\/2025\/09\/F0T1151-1024x1024.jpg 1024w, https:\/\/thebeatfreaks.pl\/wp-content\/uploads\/2025\/09\/F0T1151-150x150.jpg 150w, https:\/\/thebeatfreaks.pl\/wp-content\/uploads\/2025\/09\/F0T1151-2000x2000.jpg 2000w\" sizes=\"100vw\" \/><\/a><\/div><div class=\"obfx-grid-col-content\">\t\t\t<h2 class=\"entry-title obfx-grid-title\">\n\t\t\t\t\t\t\t<a href=\"https:\/\/thebeatfreaks.pl\/index.php\/2025\/09\/24\/tbf-w-ciagotach\/\" title=\"TBF w &#8222;Ci\u0105gotach&#8230;&#8221;\">\n\t\t\t\t\tTBF w &#8222;Ci\u0105gotach&#8230;&#8221;\t\t\t\t<\/a>\n\t\t\t\t\t\t\t<\/h2>\n\t\t\t\t\t\t\t<div class=\"entry-meta obfx-grid-meta\">\n\n\t\t\t\t\t\t\t\t\t\t\t\t\t<span class=\"obfx-grid-author\">\n\t\t\t\t\t\t\t\t\t<i class=\"fas fa-user\"><\/i>admin\t\t\t\t\t\t\t\t<\/span>\n\t\t\t\t\t\t\t\t\t\t\t\t\t\t\t\t<span class=\"obfx-grid-date\">\n\t\t\t\t\t\t\t\t\t<i class=\"fas fa-calendar\"><\/i>09\/24\/2025\t\t\t\t\t\t\t\t<\/span>\n\t\t\t\t\t\t\t\t\n\t\t\t\t<\/div>\n\t\t\t\t\t\t\t<div class=\"entry-content obfx-grid-content\">\n\t\t\t\tJu\u017c 20 listopada zagramy w legendarnych &#8222;Ci\u0105gotach T\u0119sknotach&#8221; w \u0141odzi. Wi\u0119cej informacji wkr\u00f3tce\t\t\t<\/div>\n\t\t\t<\/div><\/article><\/div><div class=\"obfx-grid-wrapper\"><article class=\"obfx-grid-col obfx-no-image\"><div class=\"obfx-grid-col-content\">\t\t\t<h2 class=\"entry-title obfx-grid-title\">\n\t\t\t\t\t\t\t<a href=\"https:\/\/thebeatfreaks.pl\/index.php\/2025\/02\/28\/jazzarium\/\" title=\"Jazzarium\">\n\t\t\t\t\tJazzarium\t\t\t\t<\/a>\n\t\t\t\t\t\t\t<\/h2>\n\t\t\t\t\t\t\t<div class=\"entry-meta obfx-grid-meta\">\n\n\t\t\t\t\t\t\t\t\t\t\t\t\t<span class=\"obfx-grid-author\">\n\t\t\t\t\t\t\t\t\t<i class=\"fas fa-user\"><\/i>admin\t\t\t\t\t\t\t\t<\/span>\n\t\t\t\t\t\t\t\t\t\t\t\t\t\t\t\t<span class=\"obfx-grid-date\">\n\t\t\t\t\t\t\t\t\t<i class=\"fas fa-calendar\"><\/i>02\/28\/2025\t\t\t\t\t\t\t\t<\/span>\n\t\t\t\t\t\t\t\t\n\t\t\t\t<\/div>\n\t\t\t\t\t\t\t<div class=\"entry-content obfx-grid-content\">\n\t\t\t\t\u201eMechanics of Nature\u201d to trzecia p\u0142yta prowadzonej przez gitarzyst\u0119 Micha\u0142a Starkiewicza grupy The Beat Freaks. Nagrana zosta\u0142a z go\u015bcinnym udzia\u0142em tr\u0119bacza Ralpha Alessiego. Oba poprzednie albumy zespo\u0142u by\u0142y udane i&hellip;\t\t\t<\/div>\n\t\t\t<\/div><\/article><\/div><\/div><!-- .obfx-grid-container --><\/div><!-- .obfx-grid -->\t\t\t\t<\/div>\n\t\t\t\t<\/div>\n\t\t\t\t\t<\/div>\n\t\t<\/div>\n\t\t\t\t\t<\/div>\n\t\t<\/section>\n\t\t\t\t<\/div>\n\t\t","protected":false},"excerpt":{"rendered":"<p>The BEAT FREAKS\u00a0\u2013 to grupa muzyczna sygnowana nazwiskami znakomitych muzyk\u00f3w jazzowych ze szczeci\u0144sko-du\u0144skim rodowodem. Skandynawskiego charakteru muzyce nadaje bowiem fakt, i\u017c po\u0142owa zespo\u0142u, sw\u00f3j muzyczny j\u0119zyk rozwija\u0142a kszta\u0142c\u0105c si\u0119 w &hellip; <\/p>\n<p class=\"link-more\"><a href=\"https:\/\/thebeatfreaks.pl\/index.php\/2025\/02\/28\/jazzarium\/\" class=\"more-link\">Read more<span class=\"screen-reader-text\"> &#8222;Jazzarium&#8221;<\/span><\/a><\/p>\n","protected":false},"author":1,"featured_media":14547,"parent":0,"menu_order":0,"comment_status":"closed","ping_status":"closed","template":"page-templates\/full-width-builder-bb.php","meta":{"ngg_post_thumbnail":0,"footnotes":""},"class_list":["post-18","page","type-page","status-publish","has-post-thumbnail","hentry"],"jetpack-related-posts":[],"jetpack_sharing_enabled":true,"_links":{"self":[{"href":"https:\/\/thebeatfreaks.pl\/index.php\/wp-json\/wp\/v2\/pages\/18","targetHints":{"allow":["GET"]}}],"collection":[{"href":"https:\/\/thebeatfreaks.pl\/index.php\/wp-json\/wp\/v2\/pages"}],"about":[{"href":"https:\/\/thebeatfreaks.pl\/index.php\/wp-json\/wp\/v2\/types\/page"}],"author":[{"embeddable":true,"href":"https:\/\/thebeatfreaks.pl\/index.php\/wp-json\/wp\/v2\/users\/1"}],"replies":[{"embeddable":true,"href":"https:\/\/thebeatfreaks.pl\/index.php\/wp-json\/wp\/v2\/comments?post=18"}],"version-history":[{"count":44,"href":"https:\/\/thebeatfreaks.pl\/index.php\/wp-json\/wp\/v2\/pages\/18\/revisions"}],"predecessor-version":[{"id":14733,"href":"https:\/\/thebeatfreaks.pl\/index.php\/wp-json\/wp\/v2\/pages\/18\/revisions\/14733"}],"wp:featuredmedia":[{"embeddable":true,"href":"https:\/\/thebeatfreaks.pl\/index.php\/wp-json\/wp\/v2\/media\/14547"}],"wp:attachment":[{"href":"https:\/\/thebeatfreaks.pl\/index.php\/wp-json\/wp\/v2\/media?parent=18"}],"curies":[{"name":"wp","href":"https:\/\/api.w.org\/{rel}","templated":true}]}}